{"id":2466,"date":"2023-06-14T06:34:57","date_gmt":"2023-06-14T04:34:57","guid":{"rendered":"http:\/\/lift.tw\/en\/?page_id=2466"},"modified":"2023-06-14T06:39:47","modified_gmt":"2023-06-14T04:39:47","slug":"childrens-rights","status":"publish","type":"page","link":"https:\/\/lift.tw\/en\/childrens-rights\/","title":{"rendered":"Children\u2019s rights"},"content":{"rendered":"\t\t<div data-elementor-type=\"wp-page\" data-elementor-id=\"2466\" class=\"elementor elementor-2466\" data-elementor-post-type=\"page\">\n\t\t\t\t\t\t<section class=\"elementor-section elementor-top-section elementor-element elementor-element-78702c21 elementor-section-height-min-height elementor-section-content-middle elementor-section-boxed elementor-section-height-default elementor-section-items-middle\" data-id=\"78702c21\" data-element_type=\"section\" data-e-type=\"section\" data-settings=\"{&quot;background_background&quot;:&quot;classic&quot;}\">\n\t\t\t\t\t\t<div class=\"elementor-container elementor-column-gap-default\">\n\t\t\t\t\t<div class=\"elementor-column elementor-col-100 elementor-top-column elementor-element elementor-element-3f604aaf\" data-id=\"3f604aaf\" data-element_type=\"column\" data-e-type=\"column\">\n\t\t\t<div class=\"elementor-widget-wrap elementor-element-populated\">\n\t\t\t\t\t\t<div class=\"elementor-element elementor-element-23fd213f elementor-widget elementor-widget-heading\" data-id=\"23fd213f\" data-element_type=\"widget\" data-e-type=\"widget\" data-widget_type=\"heading.default\">\n\t\t\t\t<div class=\"elementor-widget-container\">\n\t\t\t\t\t<h1 class=\"elementor-heading-title elementor-size-default\">Children\u2019s rights<\/h1>\t\t\t\t<\/div>\n\t\t\t\t<\/div>\n\t\t\t\t\t<\/div>\n\t\t<\/div>\n\t\t\t\t\t<\/div>\n\t\t<\/section>\n\t\t\t\t<section class=\"elementor-section elementor-top-section elementor-element elementor-element-2377f2a2 elementor-section-boxed elementor-section-height-default elementor-section-height-default\" data-id=\"2377f2a2\" data-element_type=\"section\" data-e-type=\"section\">\n\t\t\t\t\t\t<div class=\"elementor-container elementor-column-gap-default\">\n\t\t\t\t\t<div class=\"elementor-column elementor-col-100 elementor-top-column elementor-element elementor-element-72a4e904\" data-id=\"72a4e904\" data-element_type=\"column\" data-e-type=\"column\">\n\t\t\t<div class=\"elementor-widget-wrap elementor-element-populated\">\n\t\t\t\t\t\t<div class=\"elementor-element elementor-element-6c759106 elementor-widget elementor-widget-text-editor\" data-id=\"6c759106\" data-element_type=\"widget\" data-e-type=\"widget\" data-widget_type=\"text-editor.default\">\n\t\t\t\t<div class=\"elementor-widget-container\">\n\t\t\t\t\t\t\t\t\tJ\u00e9r\u00e9mie Beja\u2019s interview \t\t\t\t\t\t\t\t<\/div>\n\t\t\t\t<\/div>\n\t\t\t\t\t<\/div>\n\t\t<\/div>\n\t\t\t\t\t<\/div>\n\t\t<\/section>\n\t\t\t\t<section class=\"elementor-section elementor-top-section elementor-element elementor-element-7a40f4d2 elementor-section-content-middle elementor-section-boxed elementor-section-height-default elementor-section-height-default\" data-id=\"7a40f4d2\" data-element_type=\"section\" data-e-type=\"section\">\n\t\t\t\t\t\t<div class=\"elementor-container elementor-column-gap-no\">\n\t\t\t\t\t<div class=\"elementor-column elementor-col-100 elementor-top-column elementor-element elementor-element-3c2e2a74\" data-id=\"3c2e2a74\" data-element_type=\"column\" data-e-type=\"column\">\n\t\t\t<div class=\"elementor-widget-wrap elementor-element-populated\">\n\t\t\t\t\t\t<div class=\"elementor-element elementor-element-2cfaa8db elementor-widget elementor-widget-text-editor\" data-id=\"2cfaa8db\" data-element_type=\"widget\" data-e-type=\"widget\" id=\"home-list\" data-widget_type=\"text-editor.default\">\n\t\t\t\t<div class=\"elementor-widget-container\">\n\t\t\t\t\t\t\t\t\t<p><em><strong>Hello J\u00e9r\u00e9mie B\u00e9ja, in addition to being a LIFT pupil\u2019s parent, you also are an international technical expert on human rights. Last week, we celebrated children\u2019s rights international day. Can you tell us more about the way this theme is covered in Ta\u00efwan?<\/strong><\/em><\/p><p>Children\u2019s rights day comes from the adoption of the Declaration of the Rights of the Child in 1959 and even more from the adoption of the Convention related to children\u2019s rights in 1989. Because of Taiwan special status on the international scene, Taiwan is not a signatory of the convention. However, since 2009, the legislative Yuan started transposing the main international conventions protecting the human rights in the Taiwanese law by voting laws that repeats texts of the conventions.<\/p><p><em><strong>Ta\u00efwan is not a member of UNO, how is the application of these agreements verified?<\/strong><\/em><\/p><p>Ta\u00efwan developed a special control system of the application fo these agreements strongly inspired of UNO\u2019s practice. Every four or five years, an independent experts committee comes in Taipei for a week and meets ministers, NGO and representatives of the people protected by these agreements. For instance, one of these committees cam on mid-november to assess the application of the agreement relative to the children\u2019s rights. This morning (in case of a publication next friday) the committee that assesses the application of the convention for the elimination of discriminations towards women (CEDAW) just published its list of recommendations to the taiwanese authorities.<\/p><p><em><strong>What were the main recommendations of the experts committee regarding children\u2019s rights?<\/strong><\/em><\/p><p>While acknowledging the efforts deployed by the taiwanese authorities during these last five years and the progress made in many fields, the experts committee gave a list of seventy recommendations (it is a current practice, France received more then ninety in 2016). To stay in the establishment field, main concerns expressed by the committee are about the extrem competitivity of the establishment system that leads to serious infringements to the right to rest and to play of the taiwanese children (especially because of the quantity of homework and the widespread nature of buxiban). It also says that this competitivity is a possible cause of the particularly high suicidal rate of the young taiwanese and prompt the authorities to make further enquiry on that matter. It also worries about physical and psychological violence of the teaching staff on the children and shortcomings of the current prevention system, that triggers a disciplinary enquiry only after tangible evidence of physical violence.<\/p><p><em><strong>How can or must the children\u2019s rights dialog with a establishment activity?<\/strong><\/em><\/p><p>Children\u2019s right must be integrated into all the establishment activities and not only taught separately even if we can obviously imagine adapted formats to make the pupils know about the children\u2019s rights agreement. One must at all costs avoid the \u201cbox ticking\u201d syndrome that would consist in for instance developing a course on children\u2019s right agreement while neglecting the rights written in it in everyday\u2019s establishment life. Respecting the children\u2019s rights is thus as much a performative process, a philosophy to integrate within the pedagogy than the development of infrastructures of punctual mechanisms.<\/p><p><em><strong>What would your practical and immediate recommendations be for LIFT?<\/strong><\/em><\/p><p>It seems to me that LIFT already puts the hild\u2019s interest at the heart of its pedagogical principles. It limits homeworks, thus favors children\u2019s right to rest and ro play, favors group work and \u201cdecentralizes\u201d the teacher\u2019s role.<\/p><p>I am not an expert in children\u2019s rights, far from it, nor a teacher or an educator so it is difficult for me to make immediate recommendations. I imagine that in the long term, with the opening of new classes and the increase of the age range, maybe will it be necessary to think about a system to prevent physical and psychological violence. Indeed, the use of smartphones and social networks by children more and more young made the number of online public humiliation phenomenons explode, especially middle establishmenters. It is one of the issues covered by the children\u2019s right ombudsman in its 2022 annual report. We can already think to set up an anonymous complaints system for children. It is not about favoring denunciation but to enable the children to express their issues. Nonetheless, we need to make sure we are able to answer it quickly, otherwise install a message box without treating the request can be worse than not having a box at all.<\/p><p><em><strong>What is for you and for your children the most important part in a establishment?<\/strong><\/em><\/p><p>You would have asked me this question before I contribute to the international experts\u2019 review of the application of the children\u2019s rights agreement, I would have answered a list of criterias more or less objective or personnel. During these conclusions, President of experts committee reminded that one of the goals of the Agreement was to make sure that any child is happy to go to establishment and can self-fulfill there. It is without a doubt a commonplace, but it is important to remind it from time to time. As a parent we can quickly get obsessed by the grade or the will to see your child enter in the prestigious establishments\/universities to guarantee its future. It is of course a natural feeling, but it is good to also remind oneself of the importance of his\/her everyday happiness.<\/p>\t\t\t\t\t\t\t\t<\/div>\n\t\t\t\t<\/div>\n\t\t\t\t\t<\/div>\n\t\t<\/div>\n\t\t\t\t\t<\/div>\n\t\t<\/section>\n\t\t\t\t<\/div>\n\t\t","protected":false},"excerpt":{"rendered":"<p>Children\u2019s rights J\u00e9r\u00e9mie Beja\u2019s interview Hello J\u00e9r\u00e9mie B\u00e9ja, in addition to being a LIFT pupil\u2019s parent, you also are an international technical expert on human rights. Last week, we celebrated children\u2019s rights international day. Can you tell us more about the way this theme is covered in Ta\u00efwan? Children\u2019s rights day comes from the adoption [&hellip;]<\/p>\n","protected":false},"author":1,"featured_media":0,"parent":0,"menu_order":0,"comment_status":"closed","ping_status":"closed","template":"","meta":{"iawp_total_views":69,"footnotes":""},"class_list":["post-2466","page","type-page","status-publish","hentry"],"yoast_head":"<!-- This site is optimized with the Yoast SEO plugin v27.0 - https:\/\/yoast.com\/product\/yoast-seo-wordpress\/ -->\n<title>Children\u2019s rights - Lyc\u00e9e International Fran\u00e7ais de Taipei (LIFT)<\/title>\n<meta name=\"robots\" content=\"index, follow, max-snippet:-1, max-image-preview:large, max-video-preview:-1\" \/>\n<link rel=\"canonical\" href=\"https:\/\/lift.tw\/en\/childrens-rights\/\" \/>\n<meta property=\"og:locale\" content=\"en_US\" \/>\n<meta property=\"og:type\" content=\"article\" \/>\n<meta property=\"og:title\" content=\"Children\u2019s rights - Lyc\u00e9e International Fran\u00e7ais de Taipei (LIFT)\" \/>\n<meta property=\"og:description\" content=\"Children\u2019s rights J\u00e9r\u00e9mie Beja\u2019s interview Hello J\u00e9r\u00e9mie B\u00e9ja, in addition to being a LIFT pupil\u2019s parent, you also are an international technical expert on human rights. Last week, we celebrated children\u2019s rights international day. Can you tell us more about the way this theme is covered in Ta\u00efwan? Children\u2019s rights day comes from the adoption [&hellip;]\" \/>\n<meta property=\"og:url\" content=\"https:\/\/lift.tw\/en\/childrens-rights\/\" \/>\n<meta property=\"og:site_name\" content=\"Lyc\u00e9e International Fran\u00e7ais de Taipei (LIFT)\" \/>\n<meta property=\"article:publisher\" content=\"https:\/\/www.facebook.com\/liftaipei\" \/>\n<meta property=\"article:modified_time\" content=\"2023-06-14T04:39:47+00:00\" \/>\n<meta property=\"og:image\" content=\"https:\/\/lift.tw\/en\/wp-content\/uploads\/2021\/01\/logo_lift.png\" \/>\n\t<meta property=\"og:image:width\" content=\"1460\" \/>\n\t<meta property=\"og:image:height\" content=\"776\" \/>\n\t<meta property=\"og:image:type\" content=\"image\/png\" \/>\n<meta name=\"twitter:card\" content=\"summary_large_image\" \/>\n<meta name=\"twitter:site\" content=\"@liftaipei\" \/>\n<meta name=\"twitter:label1\" content=\"Est. reading time\" \/>\n\t<meta name=\"twitter:data1\" content=\"4 minutes\" \/>\n<script type=\"application\/ld+json\" class=\"yoast-schema-graph\">{\"@context\":\"https:\/\/schema.org\",\"@graph\":[{\"@type\":\"WebPage\",\"@id\":\"https:\/\/lift.tw\/en\/childrens-rights\/\",\"url\":\"https:\/\/lift.tw\/en\/childrens-rights\/\",\"name\":\"Children\u2019s rights - Lyc\u00e9e International Fran\u00e7ais de Taipei (LIFT)\",\"isPartOf\":{\"@id\":\"https:\/\/lift.tw\/en\/#website\"},\"datePublished\":\"2023-06-14T04:34:57+00:00\",\"dateModified\":\"2023-06-14T04:39:47+00:00\",\"breadcrumb\":{\"@id\":\"https:\/\/lift.tw\/en\/childrens-rights\/#breadcrumb\"},\"inLanguage\":\"en-US\",\"potentialAction\":[{\"@type\":\"ReadAction\",\"target\":[\"https:\/\/lift.tw\/en\/childrens-rights\/\"]}]},{\"@type\":\"BreadcrumbList\",\"@id\":\"https:\/\/lift.tw\/en\/childrens-rights\/#breadcrumb\",\"itemListElement\":[{\"@type\":\"ListItem\",\"position\":1,\"name\":\"Home\",\"item\":\"https:\/\/lift.tw\/en\/\"},{\"@type\":\"ListItem\",\"position\":2,\"name\":\"Children\u2019s rights\"}]},{\"@type\":\"WebSite\",\"@id\":\"https:\/\/lift.tw\/en\/#website\",\"url\":\"https:\/\/lift.tw\/en\/\",\"name\":\"Lyc\u00e9e International Fran\u00e7ais de Taipei (LIFT)\",\"description\":\"A new French School in Taipei\",\"publisher\":{\"@id\":\"https:\/\/lift.tw\/en\/#organization\"},\"potentialAction\":[{\"@type\":\"SearchAction\",\"target\":{\"@type\":\"EntryPoint\",\"urlTemplate\":\"https:\/\/lift.tw\/en\/?s={search_term_string}\"},\"query-input\":{\"@type\":\"PropertyValueSpecification\",\"valueRequired\":true,\"valueName\":\"search_term_string\"}}],\"inLanguage\":\"en-US\"},{\"@type\":\"Organization\",\"@id\":\"https:\/\/lift.tw\/en\/#organization\",\"name\":\"Lyc\u00e9e International Fran\u00e7ais de Taipei (LIFT)\",\"url\":\"https:\/\/lift.tw\/en\/\",\"logo\":{\"@type\":\"ImageObject\",\"inLanguage\":\"en-US\",\"@id\":\"https:\/\/lift.tw\/en\/#\/schema\/logo\/image\/\",\"url\":\"https:\/\/lift.tw\/en\/wp-content\/uploads\/2021\/01\/logo_lift.png\",\"contentUrl\":\"https:\/\/lift.tw\/en\/wp-content\/uploads\/2021\/01\/logo_lift.png\",\"width\":1460,\"height\":776,\"caption\":\"Lyc\u00e9e International Fran\u00e7ais de Taipei (LIFT)\"},\"image\":{\"@id\":\"https:\/\/lift.tw\/en\/#\/schema\/logo\/image\/\"},\"sameAs\":[\"https:\/\/www.facebook.com\/liftaipei\",\"https:\/\/x.com\/liftaipei\",\"https:\/\/www.instagram.com\/liftaipei\/\",\"https:\/\/www.linkedin.com\/company\/lyc\u00e9e-international-fran\u00e7ais-de-taipei\/\",\"https:\/\/www.youtube.com\/channel\/UCDh7r-bfaI3rEONt2l1Ih8A\"]}]}<\/script>\n<!-- \/ Yoast SEO plugin. -->","yoast_head_json":{"title":"Children\u2019s rights - Lyc\u00e9e International Fran\u00e7ais de Taipei (LIFT)","robots":{"index":"index","follow":"follow","max-snippet":"max-snippet:-1","max-image-preview":"max-image-preview:large","max-video-preview":"max-video-preview:-1"},"canonical":"https:\/\/lift.tw\/en\/childrens-rights\/","og_locale":"en_US","og_type":"article","og_title":"Children\u2019s rights - Lyc\u00e9e International Fran\u00e7ais de Taipei (LIFT)","og_description":"Children\u2019s rights J\u00e9r\u00e9mie Beja\u2019s interview Hello J\u00e9r\u00e9mie B\u00e9ja, in addition to being a LIFT pupil\u2019s parent, you also are an international technical expert on human rights. Last week, we celebrated children\u2019s rights international day. Can you tell us more about the way this theme is covered in Ta\u00efwan? Children\u2019s rights day comes from the adoption [&hellip;]","og_url":"https:\/\/lift.tw\/en\/childrens-rights\/","og_site_name":"Lyc\u00e9e International Fran\u00e7ais de Taipei (LIFT)","article_publisher":"https:\/\/www.facebook.com\/liftaipei","article_modified_time":"2023-06-14T04:39:47+00:00","og_image":[{"width":1460,"height":776,"url":"https:\/\/lift.tw\/en\/wp-content\/uploads\/2021\/01\/logo_lift.png","type":"image\/png"}],"twitter_card":"summary_large_image","twitter_site":"@liftaipei","twitter_misc":{"Est. reading time":"4 minutes"},"schema":{"@context":"https:\/\/schema.org","@graph":[{"@type":"WebPage","@id":"https:\/\/lift.tw\/en\/childrens-rights\/","url":"https:\/\/lift.tw\/en\/childrens-rights\/","name":"Children\u2019s rights - Lyc\u00e9e International Fran\u00e7ais de Taipei (LIFT)","isPartOf":{"@id":"https:\/\/lift.tw\/en\/#website"},"datePublished":"2023-06-14T04:34:57+00:00","dateModified":"2023-06-14T04:39:47+00:00","breadcrumb":{"@id":"https:\/\/lift.tw\/en\/childrens-rights\/#breadcrumb"},"inLanguage":"en-US","potentialAction":[{"@type":"ReadAction","target":["https:\/\/lift.tw\/en\/childrens-rights\/"]}]},{"@type":"BreadcrumbList","@id":"https:\/\/lift.tw\/en\/childrens-rights\/#breadcrumb","itemListElement":[{"@type":"ListItem","position":1,"name":"Home","item":"https:\/\/lift.tw\/en\/"},{"@type":"ListItem","position":2,"name":"Children\u2019s rights"}]},{"@type":"WebSite","@id":"https:\/\/lift.tw\/en\/#website","url":"https:\/\/lift.tw\/en\/","name":"Lyc\u00e9e International Fran\u00e7ais de Taipei (LIFT)","description":"A new French School in Taipei","publisher":{"@id":"https:\/\/lift.tw\/en\/#organization"},"potentialAction":[{"@type":"SearchAction","target":{"@type":"EntryPoint","urlTemplate":"https:\/\/lift.tw\/en\/?s={search_term_string}"},"query-input":{"@type":"PropertyValueSpecification","valueRequired":true,"valueName":"search_term_string"}}],"inLanguage":"en-US"},{"@type":"Organization","@id":"https:\/\/lift.tw\/en\/#organization","name":"Lyc\u00e9e International Fran\u00e7ais de Taipei (LIFT)","url":"https:\/\/lift.tw\/en\/","logo":{"@type":"ImageObject","inLanguage":"en-US","@id":"https:\/\/lift.tw\/en\/#\/schema\/logo\/image\/","url":"https:\/\/lift.tw\/en\/wp-content\/uploads\/2021\/01\/logo_lift.png","contentUrl":"https:\/\/lift.tw\/en\/wp-content\/uploads\/2021\/01\/logo_lift.png","width":1460,"height":776,"caption":"Lyc\u00e9e International Fran\u00e7ais de Taipei (LIFT)"},"image":{"@id":"https:\/\/lift.tw\/en\/#\/schema\/logo\/image\/"},"sameAs":["https:\/\/www.facebook.com\/liftaipei","https:\/\/x.com\/liftaipei","https:\/\/www.instagram.com\/liftaipei\/","https:\/\/www.linkedin.com\/company\/lyc\u00e9e-international-fran\u00e7ais-de-taipei\/","https:\/\/www.youtube.com\/channel\/UCDh7r-bfaI3rEONt2l1Ih8A"]}]}},"_links":{"self":[{"href":"https:\/\/lift.tw\/en\/wp-json\/wp\/v2\/pages\/2466","targetHints":{"allow":["GET"]}}],"collection":[{"href":"https:\/\/lift.tw\/en\/wp-json\/wp\/v2\/pages"}],"about":[{"href":"https:\/\/lift.tw\/en\/wp-json\/wp\/v2\/types\/page"}],"author":[{"embeddable":true,"href":"https:\/\/lift.tw\/en\/wp-json\/wp\/v2\/users\/1"}],"replies":[{"embeddable":true,"href":"https:\/\/lift.tw\/en\/wp-json\/wp\/v2\/comments?post=2466"}],"version-history":[{"count":4,"href":"https:\/\/lift.tw\/en\/wp-json\/wp\/v2\/pages\/2466\/revisions"}],"predecessor-version":[{"id":2474,"href":"https:\/\/lift.tw\/en\/wp-json\/wp\/v2\/pages\/2466\/revisions\/2474"}],"wp:attachment":[{"href":"https:\/\/lift.tw\/en\/wp-json\/wp\/v2\/media?parent=2466"}],"curies":[{"name":"wp","href":"https:\/\/api.w.org\/{rel}","templated":true}]}}